{"id":55896,"date":"2023-04-06T09:20:18","date_gmt":"2023-04-06T07:20:18","guid":{"rendered":"https:\/\/edem.eu\/?post_type=secretaria&#038;p=55896"},"modified":"2024-04-04T18:11:44","modified_gmt":"2024-04-04T16:11:44","slug":"como-solicito-mi-titulo-de-ade","status":"publish","type":"secretaria","link":"https:\/\/edem.eu\/en\/secretaria\/como-solicito-mi-titulo-de-ade\/","title":{"rendered":"\u00bfC\u00f3mo solicito mi t\u00edtulo de ADE?"},"content":{"rendered":"\n<p>Si has terminado el Grado en Administraci\u00f3n y Direcci\u00f3n de Empresas en EDEM, podr\u00e1s solicitar tu t\u00edtulo de Grado y el Suplemento Europeo al T\u00edtulo (SET). Para ello, deber\u00e1s completar dos formularios: la <strong>valoraci\u00f3n final de la titulaci\u00f3n<\/strong> y, una vez realizada, podr\u00e1s acceder al enlace de la <strong>solicitud del t\u00edtulo del grado<\/strong>. <\/p>\n\n\n\n<p>Para el formulario de solicitud del t\u00edtulo, deber\u00e1s adjuntar la siguiente documentaci\u00f3n:<\/p>\n\n\n\n<ul class=\"wp-block-list\">\n<li>Una copia del Documento Nacional de Identidad en vigor.<\/li>\n\n\n\n<li>El justificante\/carnet de la bonificaci\u00f3n (si procede).<\/li>\n<\/ul>\n\n\n\n<div style=\"height:30px\" aria-hidden=\"true\" class=\"wp-block-spacer\"><\/div>\n\n\n\n<p>Una vez recibida dicha informaci\u00f3n, EDEM te enviar\u00e1 un recibo generado desde la plataforma de la <em>Universitat de Val\u00e8ncia<\/em> para que puedas realizar el pago del t\u00edtulo (tasas: 186,24\u20ac*).<br>(50% bonificaci\u00f3n en categor\u00eda general y exenci\u00f3n total en categor\u00eda especial. Se necesita justificante que acredite la bonificaci\u00f3n).<\/p>\n\n\n\n<p>Despu\u00e9s, deber\u00e1s remitir a <strong>titulos@edem.es <\/strong>el justificante de pago para que EDEM pueda gestionar tu solicitud. <\/p>\n\n\n\n<p><\/p>\n\n\n\n<p>Mientras el recibo generado por la U.V. no se pague a trav\u00e9s de un cajero autom\u00e1tico o una sucursal bancaria, no podremos llevar a cabo la solicitud de expedici\u00f3n del t\u00edtulo.<\/p>\n\n\n\n<p>Importante: Es necesario que se completen los dos formularios para poder llevar a t\u00e9rmino la solicitud del t\u00edtulo. El alumno, deber\u00e1 tener en cuenta que es un procedimiento que le llevar\u00e1 entre 10-15 minutos. Igualmente, si falta alg\u00fan documento por entregar o firmar, no se llevar\u00e1 a cabo la solicitud de expedici\u00f3n del t\u00edtulo.<\/p>\n\n\n\n<p>Cuando la solicitud est\u00e9 gestionada, te informaremos para realizar la recogida del t\u00edtulo. <\/p>\n\n\n\n<p><\/p>\n\n\n\n<div style=\"height:40px\" aria-hidden=\"true\" class=\"wp-block-spacer\"><\/div>\n\n\n\n<div class=\"wp-block-buttons is-layout-flex wp-block-buttons-is-layout-flex\">\n<div class=\"wp-block-button\"><a class=\"wp-block-button__link has-background wp-element-button\" href=\"https:\/\/forms.office.com\/e\/Y6E9ayfJg0\" style=\"background-color:#1288ac\" target=\"_blank\" rel=\"noreferrer noopener\">Solicitar mi t\u00edtulo<\/a><\/div>\n<\/div>\n\n\n\n<div style=\"height:45px\" aria-hidden=\"true\" class=\"wp-block-spacer\"><\/div>\n\n\n\n<h2 class=\"wp-block-heading\">\u00bfC\u00f3mo recoger mi t\u00edtulo de ADE?<\/h2>\n\n\n\n<p>Cuando el T\u00edtulo y el Suplemento Europeo al T\u00edtulo (SET) haya sido emitido, recibir\u00e1s un email con informaci\u00f3n para su retirada a trav\u00e9s de titulos@edem.es.<br>Los t\u00edtulos oficiales una vez expedidos deber\u00e1n ser retirados personalmente por los interesados.<br>En el supuesto de que el T\u00edtulo no pudiera ser retirado personalmente por el interesado, \u00e9ste podr\u00e1 autorizar a otra persona, mediante poder notarial, para que lo haga en su nombre.<\/p>\n\n\n\n<div style=\"height:24px\" aria-hidden=\"true\" class=\"wp-block-spacer\"><\/div>\n\n\n\n<h2 class=\"wp-block-heading\"> Otros tr\u00e1mites:<\/h2>\n\n\n\n<ul class=\"wp-block-list\">\n<li><a href=\"https:\/\/edem.eu\/secretaria\/duplicado-de-titulo-solicitud-por-extravio\/\">Duplicado de T\u00edtulo: solicitud por extrav\u00edo<\/a><\/li>\n\n\n\n<li><a href=\"https:\/\/edem.eu\/secretaria\/duplicado-de-titulo-deterioro-rectificacion-cambio-de-nombre-apellidos-o-nacionalidad-fallecimiento-incorporacion-especialidades-o-premios\/\">Duplicado de T\u00edtulo: deterioro; rectificaci\u00f3n, cambio de nombre, apellidos o nacionalidad; fallecimiento; incorporaci\u00f3n especialidades o premios.<\/a><\/li>\n\n\n\n<li><a href=\"https:\/\/edem.eu\/secretaria\/procedimiento-para-la-legalizacion-de-documentos-academicos-universitarios-oficiales-que-han-de-surtir-efecto-en-el-extranjero\/\">Procedimiento para la legalizaci\u00f3n de documentos acad\u00e9micos universitarios oficiales que han de surtir efecto en el extranjero.<\/a><\/li>\n<\/ul>\n","protected":false},"featured_media":0,"template":"","cat_secretaria":[292,273],"class_list":["post-55896","secretaria","type-secretaria","status-publish","hentry","cat_secretaria-egresados","cat_secretaria-grado-ade"],"acf":[],"yoast_head":"<!-- This site is optimized with the Yoast SEO plugin v27.5 - https:\/\/yoast.com\/product\/yoast-seo-wordpress\/ -->\n<title>\u00bfC\u00f3mo solicito mi t\u00edtulo de ADE? - EDEM Escuela de Empresarios<\/title>\n<meta name=\"robots\" content=\"noindex, follow\" \/>\n<meta property=\"og:locale\" content=\"en_US\" \/>\n<meta property=\"og:type\" content=\"article\" \/>\n<meta property=\"og:title\" content=\"\u00bfC\u00f3mo solicito mi t\u00edtulo de ADE? - EDEM Escuela de Empresarios\" \/>\n<meta property=\"og:description\" content=\"Si has terminado el Grado en Administraci\u00f3n y Direcci\u00f3n de Empresas en EDEM, podr\u00e1s solicitar tu t\u00edtulo de Grado y el Suplemento Europeo al T\u00edtulo (SET). Para ello, deber\u00e1s completar dos formularios: la valoraci\u00f3n final de la titulaci\u00f3n y, una vez realizada, podr\u00e1s acceder al enlace de la solicitud del t\u00edtulo del grado. Para el [&hellip;]\" \/>\n<meta property=\"og:url\" content=\"https:\/\/edem.eu\/secretaria\/como-solicito-mi-titulo-de-ade\/\" \/>\n<meta property=\"og:site_name\" content=\"EDEM Escuela de Empresarios\" \/>\n<meta property=\"article:modified_time\" content=\"2024-04-04T16:11:44+00:00\" \/>\n<meta name=\"twitter:card\" content=\"summary_large_image\" \/>\n<meta name=\"twitter:label1\" content=\"Est. reading time\" \/>\n\t<meta name=\"twitter:data1\" content=\"2 minutes\" \/>\n<!-- \/ Yoast SEO plugin. -->","yoast_head_json":{"title":"\u00bfC\u00f3mo solicito mi t\u00edtulo de ADE? - EDEM Escuela de Empresarios","robots":{"index":"noindex","follow":"follow"},"og_locale":"en_US","og_type":"article","og_title":"\u00bfC\u00f3mo solicito mi t\u00edtulo de ADE? - EDEM Escuela de Empresarios","og_description":"Si has terminado el Grado en Administraci\u00f3n y Direcci\u00f3n de Empresas en EDEM, podr\u00e1s solicitar tu t\u00edtulo de Grado y el Suplemento Europeo al T\u00edtulo (SET). Para ello, deber\u00e1s completar dos formularios: la valoraci\u00f3n final de la titulaci\u00f3n y, una vez realizada, podr\u00e1s acceder al enlace de la solicitud del t\u00edtulo del grado. Para el [&hellip;]","og_url":"https:\/\/edem.eu\/secretaria\/como-solicito-mi-titulo-de-ade\/","og_site_name":"EDEM Escuela de Empresarios","article_modified_time":"2024-04-04T16:11:44+00:00","twitter_card":"summary_large_image","twitter_misc":{"Est. reading time":"2 minutes"},"schema":{"@context":"https:\/\/schema.org","@graph":[{"@type":"WebPage","@id":"https:\/\/edem.eu\/secretaria\/como-solicito-mi-titulo-de-ade\/","url":"https:\/\/edem.eu\/secretaria\/como-solicito-mi-titulo-de-ade\/","name":"\u00bfC\u00f3mo solicito mi t\u00edtulo de ADE? - EDEM Escuela de Empresarios","isPartOf":{"@id":"https:\/\/edem.eu\/#website"},"datePublished":"2023-04-06T07:20:18+00:00","dateModified":"2024-04-04T16:11:44+00:00","breadcrumb":{"@id":"https:\/\/edem.eu\/secretaria\/como-solicito-mi-titulo-de-ade\/#breadcrumb"},"inLanguage":"en-US","potentialAction":[{"@type":"ReadAction","target":["https:\/\/edem.eu\/secretaria\/como-solicito-mi-titulo-de-ade\/"]}]},{"@type":"BreadcrumbList","@id":"https:\/\/edem.eu\/secretaria\/como-solicito-mi-titulo-de-ade\/#breadcrumb","itemListElement":[{"@type":"ListItem","position":1,"name":"Portada","item":"https:\/\/edem.eu\/en\/"},{"@type":"ListItem","position":2,"name":"\u00bfC\u00f3mo solicito mi t\u00edtulo de ADE?"}]},{"@type":"WebSite","@id":"https:\/\/edem.eu\/#website","url":"https:\/\/edem.eu\/","name":"EDEM Escuela de Empresarios","description":"","publisher":{"@id":"https:\/\/edem.eu\/#organization"},"potentialAction":[{"@type":"SearchAction","target":{"@type":"EntryPoint","urlTemplate":"https:\/\/edem.eu\/?s={search_term_string}"},"query-input":{"@type":"PropertyValueSpecification","valueRequired":true,"valueName":"search_term_string"}}],"inLanguage":"en-US"},{"@type":"Organization","@id":"https:\/\/edem.eu\/#organization","name":"EDEM Escuela de Empresarios","url":"https:\/\/edem.eu\/","logo":{"@type":"ImageObject","inLanguage":"en-US","@id":"https:\/\/edem.eu\/#\/schema\/logo\/image\/","url":"https:\/\/edem.eu\/wp-content\/uploads\/2019\/09\/cropped-logo-Edem.png","contentUrl":"https:\/\/edem.eu\/wp-content\/uploads\/2019\/09\/cropped-logo-Edem.png","width":107,"height":25,"caption":"EDEM Escuela de Empresarios"},"image":{"@id":"https:\/\/edem.eu\/#\/schema\/logo\/image\/"}}]}},"_links":{"self":[{"href":"https:\/\/edem.eu\/en\/wp-json\/wp\/v2\/secretaria\/55896","targetHints":{"allow":["GET"]}}],"collection":[{"href":"https:\/\/edem.eu\/en\/wp-json\/wp\/v2\/secretaria"}],"about":[{"href":"https:\/\/edem.eu\/en\/wp-json\/wp\/v2\/types\/secretaria"}],"wp:attachment":[{"href":"https:\/\/edem.eu\/en\/wp-json\/wp\/v2\/media?parent=55896"}],"wp:term":[{"taxonomy":"cat_secretaria","embeddable":true,"href":"https:\/\/edem.eu\/en\/wp-json\/wp\/v2\/cat_secretaria?post=55896"}],"curies":[{"name":"wp","href":"https:\/\/api.w.org\/{rel}","templated":true}]}}