{"id":61789,"date":"2023-09-12T18:07:24","date_gmt":"2023-09-12T16:07:24","guid":{"rendered":"https:\/\/edem.eu\/?post_type=secretaria&#038;p=61789"},"modified":"2023-09-12T18:07:26","modified_gmt":"2023-09-12T16:07:26","slug":"ampliacion-reduccion-de-matricula-ige","status":"publish","type":"secretaria","link":"https:\/\/edem.eu\/en\/secretaria\/ampliacion-reduccion-de-matricula-ige\/","title":{"rendered":"Ampliaci\u00f3n\/Reducci\u00f3n de Matr\u00edcula IGE"},"content":{"rendered":"\n<p>AMPLIACI\u00d3N: <\/p>\n\n\n\n<p>Antes de empezar la solicitud, deber\u00e1s tener preparado:<\/p>\n\n\n\n<ul class=\"wp-block-list\">\n<li> Asignatura\/asignaturas que quieres solicitar para ampliar matr\u00edcula.<\/li>\n<\/ul>\n\n\n\n<p><\/p>\n\n\n\n<p>REDUCCI\u00d3N:<\/p>\n\n\n\n<p>Antes de empezar la solicitud, deber\u00e1s tener preparado:<\/p>\n\n\n\n<ul class=\"wp-block-list\">\n<li>Asignatura\/asignaturas que quieres solicitar la desmatriculaci\u00f3n.<\/li>\n<\/ul>\n\n\n\n<p><\/p>\n\n\n\n<p>Una vez recibida tu solicitud de ampliaci\u00f3n o reducci\u00f3n de matr\u00edcula procederemos a validarla y te informaremos de la resoluci\u00f3n.<\/p>\n\n\n\n<div style=\"height:41px\" aria-hidden=\"true\" class=\"wp-block-spacer\"><\/div>\n\n\n\n<div class=\"wp-block-buttons is-layout-flex wp-block-buttons-is-layout-flex\">\n<div class=\"wp-block-button\"><a class=\"wp-block-button__link wp-element-button\" href=\"https:\/\/57a6xb0gvlc.typeform.com\/to\/kUMDkXEH\">Completar Solicitud<\/a><\/div>\n<\/div>\n","protected":false},"featured_media":0,"template":"","cat_secretaria":[],"class_list":["post-61789","secretaria","type-secretaria","status-publish","hentry"],"acf":[],"yoast_head":"<!-- This site is optimized with the Yoast SEO plugin v27.5 - https:\/\/yoast.com\/product\/yoast-seo-wordpress\/ -->\n<title>Ampliaci\u00f3n\/Reducci\u00f3n de Matr\u00edcula IGE - EDEM Escuela de Empresarios<\/title>\n<meta name=\"robots\" content=\"noindex, follow\" \/>\n<meta property=\"og:locale\" content=\"en_US\" \/>\n<meta property=\"og:type\" content=\"article\" \/>\n<meta property=\"og:title\" content=\"Ampliaci\u00f3n\/Reducci\u00f3n de Matr\u00edcula IGE - EDEM Escuela de Empresarios\" \/>\n<meta property=\"og:description\" content=\"AMPLIACI\u00d3N: Antes de empezar la solicitud, deber\u00e1s tener preparado: REDUCCI\u00d3N: Antes de empezar la solicitud, deber\u00e1s tener preparado: Una vez recibida tu solicitud de ampliaci\u00f3n o reducci\u00f3n de matr\u00edcula procederemos a validarla y te informaremos de la resoluci\u00f3n.\" \/>\n<meta property=\"og:url\" content=\"https:\/\/edem.eu\/secretaria\/ampliacion-reduccion-de-matricula-ige\/\" \/>\n<meta property=\"og:site_name\" content=\"EDEM Escuela de Empresarios\" \/>\n<meta property=\"article:modified_time\" content=\"2023-09-12T16:07:26+00:00\" \/>\n<meta name=\"twitter:card\" content=\"summary_large_image\" \/>\n<meta name=\"twitter:label1\" content=\"Est. reading time\" \/>\n\t<meta name=\"twitter:data1\" content=\"1 minute\" \/>\n<!-- \/ Yoast SEO plugin. -->","yoast_head_json":{"title":"Ampliaci\u00f3n\/Reducci\u00f3n de Matr\u00edcula IGE - EDEM Escuela de Empresarios","robots":{"index":"noindex","follow":"follow"},"og_locale":"en_US","og_type":"article","og_title":"Ampliaci\u00f3n\/Reducci\u00f3n de Matr\u00edcula IGE - EDEM Escuela de Empresarios","og_description":"AMPLIACI\u00d3N: Antes de empezar la solicitud, deber\u00e1s tener preparado: REDUCCI\u00d3N: Antes de empezar la solicitud, deber\u00e1s tener preparado: Una vez recibida tu solicitud de ampliaci\u00f3n o reducci\u00f3n de matr\u00edcula procederemos a validarla y te informaremos de la resoluci\u00f3n.","og_url":"https:\/\/edem.eu\/secretaria\/ampliacion-reduccion-de-matricula-ige\/","og_site_name":"EDEM Escuela de Empresarios","article_modified_time":"2023-09-12T16:07:26+00:00","twitter_card":"summary_large_image","twitter_misc":{"Est. reading time":"1 minute"},"schema":{"@context":"https:\/\/schema.org","@graph":[{"@type":"WebPage","@id":"https:\/\/edem.eu\/secretaria\/ampliacion-reduccion-de-matricula-ige\/","url":"https:\/\/edem.eu\/secretaria\/ampliacion-reduccion-de-matricula-ige\/","name":"Ampliaci\u00f3n\/Reducci\u00f3n de Matr\u00edcula IGE - EDEM Escuela de Empresarios","isPartOf":{"@id":"https:\/\/edem.eu\/#website"},"datePublished":"2023-09-12T16:07:24+00:00","dateModified":"2023-09-12T16:07:26+00:00","breadcrumb":{"@id":"https:\/\/edem.eu\/secretaria\/ampliacion-reduccion-de-matricula-ige\/#breadcrumb"},"inLanguage":"en-US","potentialAction":[{"@type":"ReadAction","target":["https:\/\/edem.eu\/secretaria\/ampliacion-reduccion-de-matricula-ige\/"]}]},{"@type":"BreadcrumbList","@id":"https:\/\/edem.eu\/secretaria\/ampliacion-reduccion-de-matricula-ige\/#breadcrumb","itemListElement":[{"@type":"ListItem","position":1,"name":"Portada","item":"https:\/\/edem.eu\/en\/"},{"@type":"ListItem","position":2,"name":"Ampliaci\u00f3n\/Reducci\u00f3n de Matr\u00edcula IGE"}]},{"@type":"WebSite","@id":"https:\/\/edem.eu\/#website","url":"https:\/\/edem.eu\/","name":"EDEM Escuela de Empresarios","description":"","publisher":{"@id":"https:\/\/edem.eu\/#organization"},"potentialAction":[{"@type":"SearchAction","target":{"@type":"EntryPoint","urlTemplate":"https:\/\/edem.eu\/?s={search_term_string}"},"query-input":{"@type":"PropertyValueSpecification","valueRequired":true,"valueName":"search_term_string"}}],"inLanguage":"en-US"},{"@type":"Organization","@id":"https:\/\/edem.eu\/#organization","name":"EDEM Escuela de Empresarios","url":"https:\/\/edem.eu\/","logo":{"@type":"ImageObject","inLanguage":"en-US","@id":"https:\/\/edem.eu\/#\/schema\/logo\/image\/","url":"https:\/\/edem.eu\/wp-content\/uploads\/2019\/09\/cropped-logo-Edem.png","contentUrl":"https:\/\/edem.eu\/wp-content\/uploads\/2019\/09\/cropped-logo-Edem.png","width":107,"height":25,"caption":"EDEM Escuela de Empresarios"},"image":{"@id":"https:\/\/edem.eu\/#\/schema\/logo\/image\/"}}]}},"_links":{"self":[{"href":"https:\/\/edem.eu\/en\/wp-json\/wp\/v2\/secretaria\/61789","targetHints":{"allow":["GET"]}}],"collection":[{"href":"https:\/\/edem.eu\/en\/wp-json\/wp\/v2\/secretaria"}],"about":[{"href":"https:\/\/edem.eu\/en\/wp-json\/wp\/v2\/types\/secretaria"}],"wp:attachment":[{"href":"https:\/\/edem.eu\/en\/wp-json\/wp\/v2\/media?parent=61789"}],"wp:term":[{"taxonomy":"cat_secretaria","embeddable":true,"href":"https:\/\/edem.eu\/en\/wp-json\/wp\/v2\/cat_secretaria?post=61789"}],"curies":[{"name":"wp","href":"https:\/\/api.w.org\/{rel}","templated":true}]}}