{"id":61791,"date":"2024-08-30T18:09:30","date_gmt":"2024-08-30T16:09:30","guid":{"rendered":"https:\/\/edem.eu\/?post_type=secretaria&#038;p=61791"},"modified":"2024-08-30T18:09:33","modified_gmt":"2024-08-30T16:09:33","slug":"rrii-tablas-de-conversion-de-calificaciones-en-estancias-de-intercambio","status":"publish","type":"secretaria","link":"https:\/\/edem.eu\/en\/secretaria\/rrii-tablas-de-conversion-de-calificaciones-en-estancias-de-intercambio\/","title":{"rendered":"RRII: Tablas de conversi\u00f3n de calificaciones en estancias de intercambio."},"content":{"rendered":"\n<p>Si te has ido de estancia internacional y quieres saber como se quedar\u00e1n las calificaciones realizadas en el extranjero aqu\u00ed en Espa\u00f1a, adjuntamos la tabla de conversi\u00f3n de calificaciones de todos los destinos internacionales con convenio que tenemos aqu\u00ed en EDEM.<\/p>\n\n\n\n<p>Cualquier duda al respecto, consulta con tu coordinador\/a o env\u00eda un correo a: international@edem.es <\/p>\n\n\n\n<div data-wp-interactive=\"core\/file\" class=\"wp-block-file\"><object data-wp-bind--hidden=\"!state.hasPdfPreview\" hidden class=\"wp-block-file__embed\" data=\"https:\/\/edem.eu\/wp-content\/uploads\/2024\/08\/Tablas-de-conversion-intercambio-AGO-2024.pdf\" type=\"application\/pdf\" style=\"width:100%;height:600px\" aria-label=\"Embed of Tablas de conversi\u00f3n intercambio AGO 2024.\"><\/object><a id=\"wp-block-file--media-9b09ee99-4a39-439f-8661-ee3aebfaaee3\" href=\"https:\/\/edem.eu\/wp-content\/uploads\/2024\/08\/Tablas-de-conversion-intercambio-AGO-2024.pdf\">Tablas de conversi\u00f3n intercambio AGO 2024<\/a><a href=\"https:\/\/edem.eu\/wp-content\/uploads\/2024\/08\/Tablas-de-conversion-intercambio-AGO-2024.pdf\" class=\"wp-block-file__button wp-element-button\" download aria-describedby=\"wp-block-file--media-9b09ee99-4a39-439f-8661-ee3aebfaaee3\">Descarga<\/a><\/div>\n","protected":false},"featured_media":0,"template":"","cat_secretaria":[],"class_list":["post-61791","secretaria","type-secretaria","status-publish","hentry"],"acf":[],"yoast_head":"<!-- This site is optimized with the Yoast SEO plugin v27.5 - https:\/\/yoast.com\/product\/yoast-seo-wordpress\/ -->\n<title>RRII: Tablas de conversi\u00f3n de calificaciones en estancias de intercambio. - EDEM Escuela de Empresarios<\/title>\n<meta name=\"robots\" content=\"noindex, follow\" \/>\n<meta property=\"og:locale\" content=\"en_US\" \/>\n<meta property=\"og:type\" content=\"article\" \/>\n<meta property=\"og:title\" content=\"RRII: Tablas de conversi\u00f3n de calificaciones en estancias de intercambio. - EDEM Escuela de Empresarios\" \/>\n<meta property=\"og:description\" content=\"Si te has ido de estancia internacional y quieres saber como se quedar\u00e1n las calificaciones realizadas en el extranjero aqu\u00ed en Espa\u00f1a, adjuntamos la tabla de conversi\u00f3n de calificaciones de todos los destinos internacionales con convenio que tenemos aqu\u00ed en EDEM. Cualquier duda al respecto, consulta con tu coordinador\/a o env\u00eda un correo a: international@edem.es\" \/>\n<meta property=\"og:url\" content=\"https:\/\/edem.eu\/secretaria\/rrii-tablas-de-conversion-de-calificaciones-en-estancias-de-intercambio\/\" \/>\n<meta property=\"og:site_name\" content=\"EDEM Escuela de Empresarios\" \/>\n<meta property=\"article:modified_time\" content=\"2024-08-30T16:09:33+00:00\" \/>\n<meta name=\"twitter:card\" content=\"summary_large_image\" \/>\n<meta name=\"twitter:label1\" content=\"Est. reading time\" \/>\n\t<meta name=\"twitter:data1\" content=\"1 minute\" \/>\n<!-- \/ Yoast SEO plugin. -->","yoast_head_json":{"title":"RRII: Tablas de conversi\u00f3n de calificaciones en estancias de intercambio. - EDEM Escuela de Empresarios","robots":{"index":"noindex","follow":"follow"},"og_locale":"en_US","og_type":"article","og_title":"RRII: Tablas de conversi\u00f3n de calificaciones en estancias de intercambio. - EDEM Escuela de Empresarios","og_description":"Si te has ido de estancia internacional y quieres saber como se quedar\u00e1n las calificaciones realizadas en el extranjero aqu\u00ed en Espa\u00f1a, adjuntamos la tabla de conversi\u00f3n de calificaciones de todos los destinos internacionales con convenio que tenemos aqu\u00ed en EDEM. Cualquier duda al respecto, consulta con tu coordinador\/a o env\u00eda un correo a: international@edem.es","og_url":"https:\/\/edem.eu\/secretaria\/rrii-tablas-de-conversion-de-calificaciones-en-estancias-de-intercambio\/","og_site_name":"EDEM Escuela de Empresarios","article_modified_time":"2024-08-30T16:09:33+00:00","twitter_card":"summary_large_image","twitter_misc":{"Est. reading time":"1 minute"},"schema":{"@context":"https:\/\/schema.org","@graph":[{"@type":"WebPage","@id":"https:\/\/edem.eu\/secretaria\/rrii-tablas-de-conversion-de-calificaciones-en-estancias-de-intercambio\/","url":"https:\/\/edem.eu\/secretaria\/rrii-tablas-de-conversion-de-calificaciones-en-estancias-de-intercambio\/","name":"RRII: Tablas de conversi\u00f3n de calificaciones en estancias de intercambio. - EDEM Escuela de Empresarios","isPartOf":{"@id":"https:\/\/edem.eu\/#website"},"datePublished":"2024-08-30T16:09:30+00:00","dateModified":"2024-08-30T16:09:33+00:00","breadcrumb":{"@id":"https:\/\/edem.eu\/secretaria\/rrii-tablas-de-conversion-de-calificaciones-en-estancias-de-intercambio\/#breadcrumb"},"inLanguage":"en-US","potentialAction":[{"@type":"ReadAction","target":["https:\/\/edem.eu\/secretaria\/rrii-tablas-de-conversion-de-calificaciones-en-estancias-de-intercambio\/"]}]},{"@type":"BreadcrumbList","@id":"https:\/\/edem.eu\/secretaria\/rrii-tablas-de-conversion-de-calificaciones-en-estancias-de-intercambio\/#breadcrumb","itemListElement":[{"@type":"ListItem","position":1,"name":"Portada","item":"https:\/\/edem.eu\/en\/"},{"@type":"ListItem","position":2,"name":"RRII: Tablas de conversi\u00f3n de calificaciones en estancias de intercambio."}]},{"@type":"WebSite","@id":"https:\/\/edem.eu\/#website","url":"https:\/\/edem.eu\/","name":"EDEM Escuela de Empresarios","description":"","publisher":{"@id":"https:\/\/edem.eu\/#organization"},"potentialAction":[{"@type":"SearchAction","target":{"@type":"EntryPoint","urlTemplate":"https:\/\/edem.eu\/?s={search_term_string}"},"query-input":{"@type":"PropertyValueSpecification","valueRequired":true,"valueName":"search_term_string"}}],"inLanguage":"en-US"},{"@type":"Organization","@id":"https:\/\/edem.eu\/#organization","name":"EDEM Escuela de Empresarios","url":"https:\/\/edem.eu\/","logo":{"@type":"ImageObject","inLanguage":"en-US","@id":"https:\/\/edem.eu\/#\/schema\/logo\/image\/","url":"https:\/\/edem.eu\/wp-content\/uploads\/2019\/09\/cropped-logo-Edem.png","contentUrl":"https:\/\/edem.eu\/wp-content\/uploads\/2019\/09\/cropped-logo-Edem.png","width":107,"height":25,"caption":"EDEM Escuela de Empresarios"},"image":{"@id":"https:\/\/edem.eu\/#\/schema\/logo\/image\/"}}]}},"_links":{"self":[{"href":"https:\/\/edem.eu\/en\/wp-json\/wp\/v2\/secretaria\/61791","targetHints":{"allow":["GET"]}}],"collection":[{"href":"https:\/\/edem.eu\/en\/wp-json\/wp\/v2\/secretaria"}],"about":[{"href":"https:\/\/edem.eu\/en\/wp-json\/wp\/v2\/types\/secretaria"}],"wp:attachment":[{"href":"https:\/\/edem.eu\/en\/wp-json\/wp\/v2\/media?parent=61791"}],"wp:term":[{"taxonomy":"cat_secretaria","embeddable":true,"href":"https:\/\/edem.eu\/en\/wp-json\/wp\/v2\/cat_secretaria?post=61791"}],"curies":[{"name":"wp","href":"https:\/\/api.w.org\/{rel}","templated":true}]}}