{"id":68074,"date":"2025-01-28T15:49:20","date_gmt":"2025-01-28T14:49:20","guid":{"rendered":"https:\/\/edem.eu\/?post_type=secretaria&#038;p=68074"},"modified":"2025-01-28T15:49:23","modified_gmt":"2025-01-28T14:49:23","slug":"compensacion-curricular","status":"publish","type":"secretaria","link":"https:\/\/edem.eu\/en\/secretaria\/compensacion-curricular\/","title":{"rendered":"Compensaci\u00f3n Curricular"},"content":{"rendered":"\n<p>La evaluaci\u00f3n por compensaci\u00f3n curricular es un procedimiento excepcional que permite aprobar la \u00faltima asignatura no superada en unos estudios de Grado mediante la valoraci\u00f3n, en conjunto, del trabajo del estudiante en todos los a\u00f1os de estudio en la universidad. <\/p>\n\n\n\n<p>Si has revisado en <a href=\"https:\/\/edem.eu\/documentacion\/grados\/normativa\/Normativa-Sistema-evaluacion-CU-EDEM.pdf\">normativa<\/a> que cumples los requisitos para solicitar la compensaci\u00f3n curricular. A continuaci\u00f3n, deber\u00e1s rellenar el siguiente documento y enviarlo a <strong>secretariagrados@edem.es<\/strong>.<\/p>\n\n\n\n<div class=\"wp-block-file\"><a id=\"wp-block-file--media-46a8b96e-4c9c-4db4-af00-31e5f0fa1c96\" href=\"https:\/\/edem.eu\/wp-content\/uploads\/2025\/01\/Solicitud-Compensacion-Curricular-1.docx\">Solicitud Compensaci\u00f3n Curricular (1)<\/a><a href=\"https:\/\/edem.eu\/wp-content\/uploads\/2025\/01\/Solicitud-Compensacion-Curricular-1.docx\" class=\"wp-block-file__button wp-element-button\" download aria-describedby=\"wp-block-file--media-46a8b96e-4c9c-4db4-af00-31e5f0fa1c96\">Descarga<\/a><\/div>\n\n\n\n<p>Te daremos una respuesta en cuanto el Comit\u00e9 de Evaluaci\u00f3n Acad\u00e9mica decida cual es la resoluci\u00f3n. <\/p>\n\n\n\n<p><\/p>\n","protected":false},"featured_media":0,"template":"","cat_secretaria":[],"class_list":["post-68074","secretaria","type-secretaria","status-publish","hentry"],"acf":[],"yoast_head":"<!-- This site is optimized with the Yoast SEO plugin v27.5 - https:\/\/yoast.com\/product\/yoast-seo-wordpress\/ -->\n<title>Compensaci\u00f3n Curricular - EDEM Escuela de Empresarios<\/title>\n<meta name=\"robots\" content=\"noindex, follow\" \/>\n<meta property=\"og:locale\" content=\"en_US\" \/>\n<meta property=\"og:type\" content=\"article\" \/>\n<meta property=\"og:title\" content=\"Compensaci\u00f3n Curricular - EDEM Escuela de Empresarios\" \/>\n<meta property=\"og:description\" content=\"La evaluaci\u00f3n por compensaci\u00f3n curricular es un procedimiento excepcional que permite aprobar la \u00faltima asignatura no superada en unos estudios de Grado mediante la valoraci\u00f3n, en conjunto, del trabajo del estudiante en todos los a\u00f1os de estudio en la universidad. Si has revisado en normativa que cumples los requisitos para solicitar la compensaci\u00f3n curricular. A [&hellip;]\" \/>\n<meta property=\"og:url\" content=\"https:\/\/edem.eu\/secretaria\/compensacion-curricular\/\" \/>\n<meta property=\"og:site_name\" content=\"EDEM Escuela de Empresarios\" \/>\n<meta property=\"article:modified_time\" content=\"2025-01-28T14:49:23+00:00\" \/>\n<meta name=\"twitter:card\" content=\"summary_large_image\" \/>\n<meta name=\"twitter:label1\" content=\"Est. reading time\" \/>\n\t<meta name=\"twitter:data1\" content=\"1 minute\" \/>\n<!-- \/ Yoast SEO plugin. -->","yoast_head_json":{"title":"Compensaci\u00f3n Curricular - EDEM Escuela de Empresarios","robots":{"index":"noindex","follow":"follow"},"og_locale":"en_US","og_type":"article","og_title":"Compensaci\u00f3n Curricular - EDEM Escuela de Empresarios","og_description":"La evaluaci\u00f3n por compensaci\u00f3n curricular es un procedimiento excepcional que permite aprobar la \u00faltima asignatura no superada en unos estudios de Grado mediante la valoraci\u00f3n, en conjunto, del trabajo del estudiante en todos los a\u00f1os de estudio en la universidad. Si has revisado en normativa que cumples los requisitos para solicitar la compensaci\u00f3n curricular. A [&hellip;]","og_url":"https:\/\/edem.eu\/secretaria\/compensacion-curricular\/","og_site_name":"EDEM Escuela de Empresarios","article_modified_time":"2025-01-28T14:49:23+00:00","twitter_card":"summary_large_image","twitter_misc":{"Est. reading time":"1 minute"},"schema":{"@context":"https:\/\/schema.org","@graph":[{"@type":"WebPage","@id":"https:\/\/edem.eu\/secretaria\/compensacion-curricular\/","url":"https:\/\/edem.eu\/secretaria\/compensacion-curricular\/","name":"Compensaci\u00f3n Curricular - EDEM Escuela de Empresarios","isPartOf":{"@id":"https:\/\/edem.eu\/#website"},"datePublished":"2025-01-28T14:49:20+00:00","dateModified":"2025-01-28T14:49:23+00:00","breadcrumb":{"@id":"https:\/\/edem.eu\/secretaria\/compensacion-curricular\/#breadcrumb"},"inLanguage":"en-US","potentialAction":[{"@type":"ReadAction","target":["https:\/\/edem.eu\/secretaria\/compensacion-curricular\/"]}]},{"@type":"BreadcrumbList","@id":"https:\/\/edem.eu\/secretaria\/compensacion-curricular\/#breadcrumb","itemListElement":[{"@type":"ListItem","position":1,"name":"Portada","item":"https:\/\/edem.eu\/en\/"},{"@type":"ListItem","position":2,"name":"Compensaci\u00f3n Curricular"}]},{"@type":"WebSite","@id":"https:\/\/edem.eu\/#website","url":"https:\/\/edem.eu\/","name":"EDEM Escuela de Empresarios","description":"","publisher":{"@id":"https:\/\/edem.eu\/#organization"},"potentialAction":[{"@type":"SearchAction","target":{"@type":"EntryPoint","urlTemplate":"https:\/\/edem.eu\/?s={search_term_string}"},"query-input":{"@type":"PropertyValueSpecification","valueRequired":true,"valueName":"search_term_string"}}],"inLanguage":"en-US"},{"@type":"Organization","@id":"https:\/\/edem.eu\/#organization","name":"EDEM Escuela de Empresarios","url":"https:\/\/edem.eu\/","logo":{"@type":"ImageObject","inLanguage":"en-US","@id":"https:\/\/edem.eu\/#\/schema\/logo\/image\/","url":"https:\/\/edem.eu\/wp-content\/uploads\/2019\/09\/cropped-logo-Edem.png","contentUrl":"https:\/\/edem.eu\/wp-content\/uploads\/2019\/09\/cropped-logo-Edem.png","width":107,"height":25,"caption":"EDEM Escuela de Empresarios"},"image":{"@id":"https:\/\/edem.eu\/#\/schema\/logo\/image\/"}}]}},"_links":{"self":[{"href":"https:\/\/edem.eu\/en\/wp-json\/wp\/v2\/secretaria\/68074","targetHints":{"allow":["GET"]}}],"collection":[{"href":"https:\/\/edem.eu\/en\/wp-json\/wp\/v2\/secretaria"}],"about":[{"href":"https:\/\/edem.eu\/en\/wp-json\/wp\/v2\/types\/secretaria"}],"wp:attachment":[{"href":"https:\/\/edem.eu\/en\/wp-json\/wp\/v2\/media?parent=68074"}],"wp:term":[{"taxonomy":"cat_secretaria","embeddable":true,"href":"https:\/\/edem.eu\/en\/wp-json\/wp\/v2\/cat_secretaria?post=68074"}],"curies":[{"name":"wp","href":"https:\/\/api.w.org\/{rel}","templated":true}]}}